{"id":9,"date":"2019-07-16T14:50:31","date_gmt":"2019-07-16T14:50:31","guid":{"rendered":"http:\/\/karnansukuseura.fi\/?page_id=9"},"modified":"2026-02-24T15:17:12","modified_gmt":"2026-02-24T15:17:12","slug":"etusivu","status":"publish","type":"page","link":"http:\/\/karnansukuseura.fi\/index.php\/etusivu\/","title":{"rendered":"Etusivu"},"content":{"rendered":"\n<p class=\"has-larger-font-size\"><strong>Tervetuloa K\u00e4rn\u00e4n Sukuseuran kotisivuille!<\/strong><\/p>\n\n\n\n<p>Olet saapunut sukuseuramme virallisille sivuille, miss\u00e4 vaalimme K\u00e4rn\u00e4n suvun historiaa ja perinteit\u00e4. T\u00e4\u00e4lt\u00e4 l\u00f6yd\u00e4t tietoa tulevista tapahtumista, sukututkimuksesta sek\u00e4 sukuseuramme toiminnasta. Toivotamme l\u00e4mpim\u00e4sti tervetulleiksi niin suvun j\u00e4senet kuin uudet kiinnostuneet. Yhdess\u00e4 yll\u00e4pid\u00e4mme sukumme arvokasta perint\u00f6\u00e4 ja luomme uusia muistoja tuleville sukupolville.<\/p>\n\n\n\n<p>Tervetuloa mukaan toimintaamme ja sukumme yhteis\u00f6\u00f6n!<\/p>\n\n\n\n<p><\/p>\n\n\n\n<p class=\"has-black-color has-text-color has-larger-font-size\"><strong>Ajankohtaista:<\/strong><\/p>\n\n\n\n<p>Sukuseuran seuraavaa tapaamista kaavaillaan parhaillaan, pysy kuulolla ottamalla haltuun K\u00e4rn\u00e4n sukuseuran <a href=\"https:\/\/www.instagram.com\/karnan_sukuseura\/\" data-type=\"link\" data-id=\"https:\/\/www.instagram.com\/karnan_sukuseura\/\">Instagramin<\/a> ja <a href=\"https:\/\/www.facebook.com\/people\/K%C3%A4rn%C3%A4n-Sukuseura-Ry\/100067310139906\/\" data-type=\"link\" data-id=\"https:\/\/www.facebook.com\/people\/K%C3%A4rn%C3%A4n-Sukuseura-Ry\/100067310139906\/\">Facebookin<\/a>!<\/p>\n\n\n\n<p>HUOM sivustoamme p\u00e4ivitet\u00e4\u00e4n aika ajoin teille helppo lukuisemmaksi ja k\u00e4ytt\u00f6-yst\u00e4v\u00e4llisemm\u00e4ksi, joten laitathan palautetta tulemaan jos mieleen jotain tulee!<\/p>\n\n\n\n<p>Kiitos ymm\u00e4rryksest\u00e4 ja mukavia lukuhetki\u00e4! &#8211; Roosa, K\u00e4rn\u00e4n sukuseuran tiedotuksen-ja viestinn\u00e4n asiantuntija<\/p>\n\n\n\n<p class=\"has-black-color has-text-color has-larger-font-size\"><strong>Hei j\u00e4sen, olethan muistanut maksaa vuosittaisen j\u00e4senmaksun!<\/strong><\/p>\n\n\n\n<p>J\u00e4senmaksu 20 \u20ac\/vuosi.<\/p>\n\n\n\n<p>Ainaisj\u00e4senmaksu 200 \u20ac.<\/p>\n\n\n\n<p class=\"has-black-color has-text-color\">Sukuseuran pankki-yhteystiedot maksua varten l\u00f6yd\u00e4t &#8221;Yhteystiedot&#8221;-palkista.<\/p>\n\n\n\n<p><\/p>\n\n\n\n<p class=\"has-larger-font-size\"><strong>J\u00e4seneksi?<\/strong> <\/p>\n\n\n\n<p class=\"has-large-font-size\">Katso ohjeistus <a href=\"https:\/\/karnansukuseura.fi\/index.php\/jasenyys\/\" data-type=\"page\" data-id=\"918\">J\u00e4senyys<\/a> v\u00e4lilehdelt\u00e4.<\/p>\n\n\n\n<p><\/p>\n\n\n\n<p><\/p>\n\n\n\n<p class=\"has-black-color has-text-color has-larger-font-size\"><strong><mark style=\"background-color:rgba(0, 0, 0, 0)\" class=\"has-inline-color has-black-color\">Hox! <\/mark><\/strong><\/p>\n\n\n\n<p class=\"has-black-color has-text-color has-large-font-size\"><mark style=\"background-color:rgba(0, 0, 0, 0)\" class=\"has-inline-color has-black-color\">Nyt on mahdollista hankkia <strong>&#8221;Taavetti K\u00e4rn\u00e4-Lappaj\u00e4rven kuningas&#8221; -kirja<\/strong> edullisesti <strong>hintaan 8 \u20ac\/kpl+ postit.<\/strong> Kirjassa on mielenkiintoisia tarinoita ja kertomuksia K\u00e4rn\u00e4-suvun henkil\u00f6ist\u00e4. Kirjassa on esitelty useita j\u00e4\u00e4k\u00e4ri-K\u00e4rni\u00e4. N\u00e4iden joukossa mm. V\u00e4in\u00f6 Linnan Tuntemattoman sotilaan esikuva j\u00e4\u00e4k\u00e4rikapteeni Toivo K\u00e4rn\u00e4. Mik\u00e4li olet kiinnostunut hankkimaan kirjan ole yhteydess\u00e4 Seija A K\u00e4rn\u00e4\u00e4n: <\/mark><a href=\"mailto:seija.a.karna@gmail.com\"><strong>seija.a.karna@gmail.com<\/strong><\/a><\/p>\n\n\n\n<p><\/p>\n\n\n\n<p><strong>SUKUSEURAN S\u00c4\u00c4NN\u00d6T<\/strong><\/p>\n\n\n\n<div data-wp-interactive=\"core\/file\" class=\"wp-block-file\"><object data-wp-bind--hidden=\"!state.hasPdfPreview\" hidden class=\"wp-block-file__embed\" data=\"http:\/\/karnansukuseura.fi\/wp-content\/uploads\/2026\/02\/Saannot^J-05032015-karnat-2.pdf\" type=\"application\/pdf\" style=\"width:100%;height:600px\" aria-label=\"Tiedoston S\u00e4\u00e4nn\u00f6t^J 05032015 k\u00e4rn\u00e4t upotus.\"><\/object><a id=\"wp-block-file--media-1a40e933-57d6-482e-96a0-7db5ecdc1705\" href=\"http:\/\/karnansukuseura.fi\/wp-content\/uploads\/2026\/02\/Saannot^J-05032015-karnat-2.pdf\">S\u00e4\u00e4nn\u00f6t^J 05032015 k\u00e4rn\u00e4t<\/a><a href=\"http:\/\/karnansukuseura.fi\/wp-content\/uploads\/2026\/02\/Saannot^J-05032015-karnat-2.pdf\" class=\"wp-block-file__button wp-element-button\" download aria-describedby=\"wp-block-file--media-1a40e933-57d6-482e-96a0-7db5ecdc1705\">Lataa<\/a><\/div>\n\n\n\n<p><strong>TIETOTURVASELOSTE<\/strong><\/p>\n\n\n\n<div data-wp-interactive=\"core\/file\" class=\"wp-block-file\"><object data-wp-bind--hidden=\"!state.hasPdfPreview\" hidden class=\"wp-block-file__embed\" data=\"http:\/\/karnansukuseura.fi\/wp-content\/uploads\/2025\/12\/Tietoturvaseloste^J-vol-2-2.pdf\" type=\"application\/pdf\" style=\"width:100%;height:600px\" aria-label=\"Tiedoston Tietoturvaseloste^J vol 2 (2) upotus.\"><\/object><a id=\"wp-block-file--media-e978b01e-47b8-4f9e-a6df-d8925e91b154\" href=\"http:\/\/karnansukuseura.fi\/wp-content\/uploads\/2025\/12\/Tietoturvaseloste^J-vol-2-2.pdf\">Tietoturvaseloste^J vol 2 (2)<\/a><a href=\"http:\/\/karnansukuseura.fi\/wp-content\/uploads\/2025\/12\/Tietoturvaseloste^J-vol-2-2.pdf\" class=\"wp-block-file__button wp-element-button\" download aria-describedby=\"wp-block-file--media-e978b01e-47b8-4f9e-a6df-d8925e91b154\">Lataa<\/a><\/div>\n\n\n\n<p><strong>LEHTIJUTTU PAIKALLISLEHTIIN 2025<\/strong><\/p>\n\n\n\n<div data-wp-interactive=\"core\/file\" class=\"wp-block-file\"><object data-wp-bind--hidden=\"!state.hasPdfPreview\" hidden class=\"wp-block-file__embed\" data=\"http:\/\/karnansukuseura.fi\/wp-content\/uploads\/2025\/12\/Karnan-alueelliset-tyoryhmat-2025-2-1.pdf\" type=\"application\/pdf\" style=\"width:100%;height:600px\" aria-label=\"Tiedoston K\u00e4rn\u00e4n alueelliset ty\u00f6ryhm\u00e4t 2025 (2) upotus.\"><\/object><a id=\"wp-block-file--media-b815b8ce-42f0-43a1-a317-d5a42c88e0d3\" href=\"http:\/\/karnansukuseura.fi\/wp-content\/uploads\/2025\/12\/Karnan-alueelliset-tyoryhmat-2025-2-1.pdf\">K\u00e4rn\u00e4n alueelliset ty\u00f6ryhm\u00e4t 2025 (2)<\/a><a href=\"http:\/\/karnansukuseura.fi\/wp-content\/uploads\/2025\/12\/Karnan-alueelliset-tyoryhmat-2025-2-1.pdf\" class=\"wp-block-file__button wp-element-button\" download aria-describedby=\"wp-block-file--media-b815b8ce-42f0-43a1-a317-d5a42c88e0d3\">Lataa<\/a><\/div>\n\n\n\n<p class=\"has-larger-font-size\"><strong>PALAUTEKYSELYN YHTEENVETO<\/strong><\/p>\n\n\n\n<div data-wp-interactive=\"core\/file\" class=\"wp-block-file\"><object data-wp-bind--hidden=\"!state.hasPdfPreview\" hidden class=\"wp-block-file__embed\" data=\"http:\/\/karnansukuseura.fi\/wp-content\/uploads\/2026\/02\/Kyselyvastaukset-syksy-2025^J-Kooste-kotisvuille.pdf\" type=\"application\/pdf\" style=\"width:100%;height:600px\" aria-label=\"Tiedoston Kyselyvastaukset syksy 2025^J Kooste kotisvuille upotus.\"><\/object><a id=\"wp-block-file--media-dff0a063-6b41-4777-b528-792ea73f64d6\" href=\"http:\/\/karnansukuseura.fi\/wp-content\/uploads\/2026\/02\/Kyselyvastaukset-syksy-2025^J-Kooste-kotisvuille.pdf\">Kyselyvastaukset syksy 2025^J Kooste kotisvuille<\/a><a href=\"http:\/\/karnansukuseura.fi\/wp-content\/uploads\/2026\/02\/Kyselyvastaukset-syksy-2025^J-Kooste-kotisvuille.pdf\" class=\"wp-block-file__button wp-element-button\" download aria-describedby=\"wp-block-file--media-dff0a063-6b41-4777-b528-792ea73f64d6\">Lataa<\/a><\/div>\n\n\n\n<p><strong>Toimintak\u00e4sikirja<\/strong><\/p>\n\n\n\n<div data-wp-interactive=\"core\/file\" class=\"wp-block-file\"><object data-wp-bind--hidden=\"!state.hasPdfPreview\" hidden class=\"wp-block-file__embed\" data=\"http:\/\/karnansukuseura.fi\/wp-content\/uploads\/2026\/02\/Karnien-Toimintakasikirja.pdf\" type=\"application\/pdf\" style=\"width:100%;height:600px\" aria-label=\"Tiedoston K\u00e4rnien Toimintak\u00e4sikirja upotus.\"><\/object><a id=\"wp-block-file--media-34236e86-b163-459e-87e7-8f24b697b108\" href=\"http:\/\/karnansukuseura.fi\/wp-content\/uploads\/2026\/02\/Karnien-Toimintakasikirja.pdf\">K\u00e4rnien Toimintak\u00e4sikirja<\/a><a href=\"http:\/\/karnansukuseura.fi\/wp-content\/uploads\/2026\/02\/Karnien-Toimintakasikirja.pdf\" class=\"wp-block-file__button wp-element-button\" download aria-describedby=\"wp-block-file--media-34236e86-b163-459e-87e7-8f24b697b108\">Lataa<\/a><\/div>\n\n\n\n<p>Vastuul<\/p>\n\n\n\n<p><strong>Vastuullisuusohjelma<\/strong><\/p>\n\n\n\n<div data-wp-interactive=\"core\/file\" class=\"wp-block-file\"><object data-wp-bind--hidden=\"!state.hasPdfPreview\" hidden class=\"wp-block-file__embed\" data=\"http:\/\/karnansukuseura.fi\/wp-content\/uploads\/2026\/02\/Vastuullisuusohjelma.pdf\" type=\"application\/pdf\" style=\"width:100%;height:600px\" aria-label=\"Tiedoston Vastuullisuusohjelma upotus.\"><\/object><a id=\"wp-block-file--media-4b366a22-841f-4456-9e5a-693990641247\" href=\"http:\/\/karnansukuseura.fi\/wp-content\/uploads\/2026\/02\/Vastuullisuusohjelma.pdf\">Vastuullisuusohjelma<\/a><a href=\"http:\/\/karnansukuseura.fi\/wp-content\/uploads\/2026\/02\/Vastuullisuusohjelma.pdf\" class=\"wp-block-file__button wp-element-button\" download aria-describedby=\"wp-block-file--media-4b366a22-841f-4456-9e5a-693990641247\">Lataa<\/a><\/div>\n","protected":false},"excerpt":{"rendered":"<p>Tervetuloa K\u00e4rn\u00e4n Sukuseuran kotisivuille! Olet saapunut sukuseuramme virallisille sivuille, miss\u00e4 vaalimme K\u00e4rn\u00e4n suvun historiaa ja perinteit\u00e4. T\u00e4\u00e4lt\u00e4 l\u00f6yd\u00e4t tietoa tulevista tapahtumista, sukututkimuksesta sek\u00e4 sukuseuramme toiminnasta. Toivotamme l\u00e4mpim\u00e4sti tervetulleiksi niin suvun j\u00e4senet kuin uudet kiinnostuneet. Yhdess\u00e4 yll\u00e4pid\u00e4mme sukumme arvokasta perint\u00f6\u00e4 ja luomme uusia muistoja tuleville sukupolville. Tervetuloa mukaan toimintaamme ja sukumme yhteis\u00f6\u00f6n! Ajankohtaista: Sukuseuran seuraavaa tapaamista [&hellip;]<\/p>\n","protected":false},"author":1,"featured_media":0,"parent":0,"menu_order":1,"comment_status":"closed","ping_status":"closed","template":"","meta":{"footnotes":""},"class_list":["post-9","page","type-page","status-publish","hentry"],"jetpack_sharing_enabled":true,"_links":{"self":[{"href":"http:\/\/karnansukuseura.fi\/index.php\/wp-json\/wp\/v2\/pages\/9","targetHints":{"allow":["GET"]}}],"collection":[{"href":"http:\/\/karnansukuseura.fi\/index.php\/wp-json\/wp\/v2\/pages"}],"about":[{"href":"http:\/\/karnansukuseura.fi\/index.php\/wp-json\/wp\/v2\/types\/page"}],"author":[{"embeddable":true,"href":"http:\/\/karnansukuseura.fi\/index.php\/wp-json\/wp\/v2\/users\/1"}],"replies":[{"embeddable":true,"href":"http:\/\/karnansukuseura.fi\/index.php\/wp-json\/wp\/v2\/comments?post=9"}],"version-history":[{"count":88,"href":"http:\/\/karnansukuseura.fi\/index.php\/wp-json\/wp\/v2\/pages\/9\/revisions"}],"predecessor-version":[{"id":1341,"href":"http:\/\/karnansukuseura.fi\/index.php\/wp-json\/wp\/v2\/pages\/9\/revisions\/1341"}],"wp:attachment":[{"href":"http:\/\/karnansukuseura.fi\/index.php\/wp-json\/wp\/v2\/media?parent=9"}],"curies":[{"name":"wp","href":"https:\/\/api.w.org\/{rel}","templated":true}]}}