{"id":46,"date":"2019-09-02T14:44:05","date_gmt":"2019-09-02T14:44:05","guid":{"rendered":"http:\/\/karnansukuseura.fi\/?page_id=46"},"modified":"2026-02-17T12:48:13","modified_gmt":"2026-02-17T12:48:13","slug":"serkut","status":"publish","type":"page","link":"http:\/\/karnansukuseura.fi\/index.php\/serkut\/","title":{"rendered":"Serkut"},"content":{"rendered":"\n<p class=\"has-background\" style=\"background-color:#00a37d\">T\u00e4lle sivulle voidaan tallettaa K\u00e4rn\u00e4n suvun serkkuryhmien tietoja. Kullekin ryhm\u00e4lle voidaan luoda omat, salasanan takana olevat sivut. Mik\u00e4li haluat serkkuryhm\u00e4llesi luotavat sivut ole yhteydess\u00e4 sivujen yll\u00e4pit\u00e4j\u00e4\u00e4n s\u00e4hk\u00f6postilla seppo.sirainen@telemail.fi<\/p>\n\n\n\n<p>salasanan saat pyydett\u00e4ess\u00e4 seppo.sirainen@telemail.fi<\/p>\n\n\n\n<div class=\"wp-block-buttons is-layout-flex wp-block-buttons-is-layout-flex\">\n<div class=\"wp-block-button\"><a class=\"wp-block-button__link wp-element-button\" href=\"https:\/\/karnansukuseura.fi\/index.php\/serkut\/janne-ja-ida-karna\/\">Janne ja Ida K\u00e4rn\u00e4<\/a><\/div>\n<\/div>\n\n\n\n<p><strong>Serkkutapaaminen 7.7.2025<\/strong><\/p>\n\n\n\n<div data-wp-interactive=\"core\/file\" class=\"wp-block-file\"><object data-wp-bind--hidden=\"!state.hasPdfPreview\" hidden class=\"wp-block-file__embed\" data=\"http:\/\/karnansukuseura.fi\/wp-content\/uploads\/2026\/02\/Serkkujen-kokoontuminen-2025-1-1.pdf\" type=\"application\/pdf\" style=\"width:100%;height:600px\" aria-label=\"Tiedoston Serkkujen kokoontuminen 2025 (1) upotus.\"><\/object><a id=\"wp-block-file--media-78fe808c-41d7-454f-9768-4292eda1e212\" href=\"http:\/\/karnansukuseura.fi\/wp-content\/uploads\/2026\/02\/Serkkujen-kokoontuminen-2025-1-1.pdf\">Serkkujen kokoontuminen 2025 (1)<\/a><a href=\"http:\/\/karnansukuseura.fi\/wp-content\/uploads\/2026\/02\/Serkkujen-kokoontuminen-2025-1-1.pdf\" class=\"wp-block-file__button wp-element-button\" download aria-describedby=\"wp-block-file--media-78fe808c-41d7-454f-9768-4292eda1e212\">Lataa<\/a><\/div>\n","protected":false},"excerpt":{"rendered":"<p>T\u00e4lle sivulle voidaan tallettaa K\u00e4rn\u00e4n suvun serkkuryhmien tietoja. Kullekin ryhm\u00e4lle voidaan luoda omat, salasanan takana olevat sivut. Mik\u00e4li haluat serkkuryhm\u00e4llesi luotavat sivut ole yhteydess\u00e4 sivujen yll\u00e4pit\u00e4j\u00e4\u00e4n s\u00e4hk\u00f6postilla seppo.sirainen@telemail.fi salasanan saat pyydett\u00e4ess\u00e4 seppo.sirainen@telemail.fi Serkkutapaaminen 7.7.2025<\/p>\n","protected":false},"author":1,"featured_media":0,"parent":0,"menu_order":17,"comment_status":"closed","ping_status":"closed","template":"","meta":{"footnotes":""},"class_list":["post-46","page","type-page","status-publish","hentry"],"jetpack_sharing_enabled":true,"_links":{"self":[{"href":"http:\/\/karnansukuseura.fi\/index.php\/wp-json\/wp\/v2\/pages\/46","targetHints":{"allow":["GET"]}}],"collection":[{"href":"http:\/\/karnansukuseura.fi\/index.php\/wp-json\/wp\/v2\/pages"}],"about":[{"href":"http:\/\/karnansukuseura.fi\/index.php\/wp-json\/wp\/v2\/types\/page"}],"author":[{"embeddable":true,"href":"http:\/\/karnansukuseura.fi\/index.php\/wp-json\/wp\/v2\/users\/1"}],"replies":[{"embeddable":true,"href":"http:\/\/karnansukuseura.fi\/index.php\/wp-json\/wp\/v2\/comments?post=46"}],"version-history":[{"count":9,"href":"http:\/\/karnansukuseura.fi\/index.php\/wp-json\/wp\/v2\/pages\/46\/revisions"}],"predecessor-version":[{"id":1309,"href":"http:\/\/karnansukuseura.fi\/index.php\/wp-json\/wp\/v2\/pages\/46\/revisions\/1309"}],"wp:attachment":[{"href":"http:\/\/karnansukuseura.fi\/index.php\/wp-json\/wp\/v2\/media?parent=46"}],"curies":[{"name":"wp","href":"https:\/\/api.w.org\/{rel}","templated":true}]}}